{"id":3699,"date":"2025-06-13T11:29:59","date_gmt":"2025-06-13T11:29:59","guid":{"rendered":"https:\/\/nw-architekten.com\/?page_id=3699"},"modified":"2025-06-16T09:49:42","modified_gmt":"2025-06-16T09:49:42","slug":"valentina-zuluaga","status":"publish","type":"page","link":"https:\/\/nw-architekten.com\/?page_id=3699","title":{"rendered":"Valentina Zuluaga"},"content":{"rendered":"\t\t<div data-elementor-type=\"wp-page\" data-elementor-id=\"3699\" class=\"elementor elementor-3699\" data-elementor-post-type=\"page\">\n\t\t\t\t<div data-particle_enable=\"false\" data-particle-mobile-disabled=\"false\" class=\"elementor-element elementor-element-7affe05b e-con-full big-text-overlay e-flex wpr-particle-no wpr-jarallax-no wpr-parallax-no wpr-sticky-section-no e-con e-parent\" data-id=\"7affe05b\" data-element_type=\"container\" data-e-type=\"container\" data-settings=\"{&quot;background_background&quot;:&quot;gradient&quot;}\">\n\t\t\t\t<div class=\"elementor-element elementor-element-5434dcbe mein-bild elementor-widget elementor-widget-image\" data-id=\"5434dcbe\" data-element_type=\"widget\" data-e-type=\"widget\" data-widget_type=\"image.default\">\n\t\t\t\t<div class=\"elementor-widget-container\">\n\t\t\t\t\t\t\t\t\t\t\t\t\t\t\t<img decoding=\"async\" src=\"https:\/\/nw-architekten.com\/wp-content\/uploads\/elementor\/thumbs\/Valentina-Zuluaga-1-rcy0j740w4o1mg7nqe9yk97qnn1ls40zfjmmi2aqqs.png\" title=\"Valentina-Zuluaga-1.png\" alt=\"Valentina-Zuluaga-1.png\" loading=\"lazy\" \/>\t\t\t\t\t\t\t\t\t\t\t\t\t\t\t<\/div>\n\t\t\t\t<\/div>\n\t\t\t\t<div class=\"elementor-element elementor-element-72dc24c5 elementor-widget__width-inherit elementor-absolute elementor-widget elementor-widget-heading\" data-id=\"72dc24c5\" data-element_type=\"widget\" data-e-type=\"widget\" data-settings=\"{&quot;_position&quot;:&quot;absolute&quot;}\" data-widget_type=\"heading.default\">\n\t\t\t\t<div class=\"elementor-widget-container\">\n\t\t\t\t\t<h2 class=\"elementor-heading-title elementor-size-default\">VALENTINA ZULUAGA<\/h2>\t\t\t\t<\/div>\n\t\t\t\t<\/div>\n\t\t<div data-particle_enable=\"false\" data-particle-mobile-disabled=\"false\" class=\"elementor-element elementor-element-496fbcb1 e-flex e-con-boxed wpr-particle-no wpr-jarallax-no wpr-parallax-no wpr-sticky-section-no e-con e-child\" data-id=\"496fbcb1\" data-element_type=\"container\" data-e-type=\"container\">\n\t\t\t\t\t<div class=\"e-con-inner\">\n\t\t\t\t<div class=\"elementor-element elementor-element-4c688f71 elementor-widget elementor-widget-heading\" data-id=\"4c688f71\" data-element_type=\"widget\" data-e-type=\"widget\" data-widget_type=\"heading.default\">\n\t\t\t\t<div class=\"elementor-widget-container\">\n\t\t\t\t\t<h2 class=\"elementor-heading-title elementor-size-default\">Innenarchitektin<\/h2>\t\t\t\t<\/div>\n\t\t\t\t<\/div>\n\t\t\t\t<div class=\"elementor-element elementor-element-71eaa557 elementor-widget elementor-widget-text-editor\" data-id=\"71eaa557\" data-element_type=\"widget\" data-e-type=\"widget\" data-widget_type=\"text-editor.default\">\n\t\t\t\t<div class=\"elementor-widget-container\">\n\t\t\t\t\t\t\t\t\t<p>Valentina Zuluaga bringt ihre Expertise in der Entwurfs- und Ausf\u00fchrungsplanung, im CAD-Zeichnen sowie in der Detailentwicklung in anspruchsvolle Innenausbauprojekte ein. Mit ihrem Gesp\u00fcr f\u00fcr Raum, Material und Atmosph\u00e4re gestaltet sie hochwertige Innenr\u00e4ume f\u00fcr Wohn- und B\u00fcrofl\u00e4chen.<\/p><p>In ihrer Arbeit verbindet sie Kreativit\u00e4t mit technischer Pr\u00e4zision und begleitet Projekte von der ersten Idee bis zur detaillierten Umsetzung. Dabei liegt ihr Fokus stets auf funktionalen, \u00e4sthetischen und individuell abgestimmten L\u00f6sungen.<\/p>\t\t\t\t\t\t\t\t<\/div>\n\t\t\t\t<\/div>\n\t\t\t\t<div class=\"elementor-element elementor-element-55be5859 elementor-widget elementor-widget-text-editor\" data-id=\"55be5859\" data-element_type=\"widget\" data-e-type=\"widget\" data-widget_type=\"text-editor.default\">\n\t\t\t\t<div class=\"elementor-widget-container\">\n\t\t\t\t\t\t\t\t\t<p><strong>Expertise<\/strong><\/p><p>CAD-Zeichnen<\/p><p>Entwurfsplanung<\/p><p>Ausf\u00fchrungsplanung<\/p><p>Detailplanung<\/p><p><strong>Schwerpunkt in der Architektur<\/strong><\/p><p>Innenausbau von Wohn- und B\u00fcrofl\u00e4chen<\/p><p>Valentina Zuluaga entwickelt R\u00e4ume, die durch Klarheit, Funktionalit\u00e4t und Atmosph\u00e4re \u00fcberzeugen \u2013 immer mit einem feinen Gesp\u00fcr f\u00fcr die Bed\u00fcrfnisse der Nutzer.<\/p>\t\t\t\t\t\t\t\t<\/div>\n\t\t\t\t<\/div>\n\t\t\t\t\t<\/div>\n\t\t\t\t<\/div>\n\t\t\t\t<\/div>\n\t\t\t\t<\/div>\n\t\t","protected":false},"excerpt":{"rendered":"<p>VALENTINA ZULUAGA Innenarchitektin Valentina Zuluaga bringt ihre Expertise in der Entwurfs- und Ausf\u00fchrungsplanung, im CAD-Zeichnen sowie in der Detailentwicklung in anspruchsvolle Innenausbauprojekte ein. Mit ihrem Gesp\u00fcr f\u00fcr Raum, Material und Atmosph\u00e4re gestaltet sie hochwertige Innenr\u00e4ume f\u00fcr Wohn- und B\u00fcrofl\u00e4chen. In ihrer Arbeit verbindet sie Kreativit\u00e4t mit technischer Pr\u00e4zision und begleitet Projekte von der ersten Idee bis zur detaillierten Umsetzung. Dabei liegt ihr Fokus stets auf funktionalen, \u00e4sthetischen und individuell abgestimmten L\u00f6sungen. Expertise CAD-Zeichnen Entwurfsplanung Ausf\u00fchrungsplanung Detailplanung Schwerpunkt in der Architektur Innenausbau von Wohn- und B\u00fcrofl\u00e4chen Valentina Zuluaga entwickelt R\u00e4ume, die durch Klarheit, Funktionalit\u00e4t und Atmosph\u00e4re \u00fcberzeugen \u2013 immer mit einem feinen Gesp\u00fcr f\u00fcr die Bed\u00fcrfnisse der Nutzer.<\/p>\n","protected":false},"author":6,"featured_media":0,"parent":3568,"menu_order":0,"comment_status":"closed","ping_status":"closed","template":"","meta":{"footnotes":""},"class_list":["post-3699","page","type-page","status-publish","hentry"],"_links":{"self":[{"href":"https:\/\/nw-architekten.com\/index.php?rest_route=\/wp\/v2\/pages\/3699","targetHints":{"allow":["GET"]}}],"collection":[{"href":"https:\/\/nw-architekten.com\/index.php?rest_route=\/wp\/v2\/pages"}],"about":[{"href":"https:\/\/nw-architekten.com\/index.php?rest_route=\/wp\/v2\/types\/page"}],"author":[{"embeddable":true,"href":"https:\/\/nw-architekten.com\/index.php?rest_route=\/wp\/v2\/users\/6"}],"replies":[{"embeddable":true,"href":"https:\/\/nw-architekten.com\/index.php?rest_route=%2Fwp%2Fv2%2Fcomments&post=3699"}],"version-history":[{"count":5,"href":"https:\/\/nw-architekten.com\/index.php?rest_route=\/wp\/v2\/pages\/3699\/revisions"}],"predecessor-version":[{"id":3737,"href":"https:\/\/nw-architekten.com\/index.php?rest_route=\/wp\/v2\/pages\/3699\/revisions\/3737"}],"up":[{"embeddable":true,"href":"https:\/\/nw-architekten.com\/index.php?rest_route=\/wp\/v2\/pages\/3568"}],"wp:attachment":[{"href":"https:\/\/nw-architekten.com\/index.php?rest_route=%2Fwp%2Fv2%2Fmedia&parent=3699"}],"curies":[{"name":"wp","href":"https:\/\/api.w.org\/{rel}","templated":true}]}}